{"id":27,"date":"2022-03-11T09:04:26","date_gmt":"2022-03-11T09:04:26","guid":{"rendered":"https:\/\/elmot.de\/?page_id=27"},"modified":"2022-09-26T13:27:57","modified_gmt":"2022-09-26T13:27:57","slug":"ueber-uns","status":"publish","type":"page","link":"https:\/\/elmot.de\/?page_id=27","title":{"rendered":"\u00dcber uns"},"content":{"rendered":"\n<p>Wir sind ein familiengef\u00fchrtes Handwerksunternehmen f\u00fcr Elektromaschinenbau. Wir sind seit 2007 in unserem jetzigen Standort im Herzen von K\u00f6ln. Angefangen haben wir mit der Reparatur von Kleinger\u00e4ten und Elektromotoren in den 1950ern. Sp\u00e4ter kamen noch Reinigungsmaschinen hinzu. Mittlerweile liegen unsere St\u00e4rken in der Reparatur von Aufzugsantrieben und Generatoren, aber auch Pumpen, L\u00fcfterantriebe und Getriebemotoren k\u00f6nnen bei uns instandgesetzt werden.<\/p>\n","protected":false},"excerpt":{"rendered":"<p>Wir sind ein familiengef\u00fchrtes Handwerksunternehmen f\u00fcr Elektromaschinenbau. Wir sind seit 2007 in unserem jetzigen Standort im Herzen von K\u00f6ln. Angefangen haben wir mit der Reparatur von Kleinger\u00e4ten und Elektromotoren in den 1950ern. Sp\u00e4ter kamen noch Reinigungsmaschinen hinzu. Mittlerweile liegen unsere St\u00e4rken in der Reparatur von Aufzugsantrieben und Generatoren, aber auch Pumpen, L\u00fcfterantriebe und Getriebemotoren k\u00f6nnen [&hellip;]<\/p>\n","protected":false},"author":1,"featured_media":0,"parent":0,"menu_order":0,"comment_status":"closed","ping_status":"closed","template":"","meta":{"footnotes":""},"class_list":["post-27","page","type-page","status-publish","hentry"],"_links":{"self":[{"href":"https:\/\/elmot.de\/index.php?rest_route=\/wp\/v2\/pages\/27","targetHints":{"allow":["GET"]}}],"collection":[{"href":"https:\/\/elmot.de\/index.php?rest_route=\/wp\/v2\/pages"}],"about":[{"href":"https:\/\/elmot.de\/index.php?rest_route=\/wp\/v2\/types\/page"}],"author":[{"embeddable":true,"href":"https:\/\/elmot.de\/index.php?rest_route=\/wp\/v2\/users\/1"}],"replies":[{"embeddable":true,"href":"https:\/\/elmot.de\/index.php?rest_route=%2Fwp%2Fv2%2Fcomments&post=27"}],"version-history":[{"count":5,"href":"https:\/\/elmot.de\/index.php?rest_route=\/wp\/v2\/pages\/27\/revisions"}],"predecessor-version":[{"id":176,"href":"https:\/\/elmot.de\/index.php?rest_route=\/wp\/v2\/pages\/27\/revisions\/176"}],"wp:attachment":[{"href":"https:\/\/elmot.de\/index.php?rest_route=%2Fwp%2Fv2%2Fmedia&parent=27"}],"curies":[{"name":"wp","href":"https:\/\/api.w.org\/{rel}","templated":true}]}}